{"id":2871,"date":"2025-11-03T13:17:10","date_gmt":"2025-11-03T21:17:10","guid":{"rendered":"https:\/\/fwccamericas.org\/publications"},"modified":"2026-04-12T20:19:42","modified_gmt":"2026-04-13T03:19:42","slug":"publicaciones","status":"publish","type":"page","link":"https:\/\/fwccamericas.org\/es\/publicaciones","title":{"rendered":"Encuentre publicaciones Cu\u00e1queras | Libros, PDF y materiales de estudio"},"content":{"rendered":"\t\t<div data-elementor-type=\"wp-page\" data-elementor-id=\"2871\" class=\"elementor elementor-2871 elementor-1969\">\n\t\t\t\t<div class=\"elementor-element elementor-element-37afebf e-flex e-con-boxed e-con e-parent\" data-id=\"37afebf\" data-element_type=\"container\" data-e-type=\"container\">\n\t\t\t\t\t<div class=\"e-con-inner\">\n\t\t\t\t<div class=\"elementor-element elementor-element-f44ee77 elementor-widget elementor-widget-heading\" data-id=\"f44ee77\" data-element_type=\"widget\" data-e-type=\"widget\" data-widget_type=\"heading.default\">\n\t\t\t\t\t<h1 class=\"elementor-heading-title elementor-size-default\">Publicaciones<\/h1>\t\t\t\t<\/div>\n\t\t\t\t<div class=\"elementor-element elementor-element-d9acf61 elementor-widget elementor-widget-text-editor\" data-id=\"d9acf61\" data-element_type=\"widget\" data-e-type=\"widget\" data-widget_type=\"text-editor.default\">\n\t\t\t\t\t\t\t\t\t<p>Bienvenido a nuestra extensa biblioteca de publicaciones cu\u00e1queras: un valioso recurso que puede explorar filtrando por <strong data-start=\"107\" data-end=\"165\">idioma<\/strong>, <strong data-start=\"170\" data-end=\"190\">tema principal<\/strong>, <strong data-start=\"234\" data-end=\"243\">subtema<\/strong>, etiquetas, <strong data-start=\"273\" data-end=\"281\">pa\u00eds del autor <\/strong>y a\u00f1o de publicaci\u00f3n. Simplemente seleccione sus t\u00e9rminos de b\u00fasqueda y haga clic en \u00abAplicar\u00bb para ver los resultados; luego, utilice \u00abVer\u00bb para obtener m\u00e1s informaci\u00f3n sobre una publicaci\u00f3n o \u00abDescargar (PDF)\u00bb para guardarla. <\/p>\t\t\t\t\t\t\t\t<\/div>\n\t\t\t\t\t<\/div>\n\t\t\t\t<\/div>\n\t\t<div class=\"elementor-element elementor-element-5decb14d e-flex e-con-boxed e-con e-parent\" data-id=\"5decb14d\" data-element_type=\"container\" data-e-type=\"container\">\n\t\t\t\t\t<div class=\"e-con-inner\">\n\t\t\t\t<div class=\"elementor-element elementor-element-5d63a863 elementor-widget elementor-widget-shortcode\" data-id=\"5d63a863\" data-element_type=\"widget\" data-e-type=\"widget\" data-widget_type=\"shortcode.default\">\n\t\t\t\t\t\t\t<div class=\"elementor-shortcode\">\n        <div class=\"fwcc-table-wrap\">\n          <form method=\"get\" class=\"fwcc-filters\">\n            <select name=\"pub_language\"><option value=\"english\" >English<\/option><option value=\"espanol\" >Espa\u00f1ol<\/option><\/select><select name=\"main_topic\"><option value=\"\">Tema Principal<\/option><option value=\"early-friends\" >Early Friends<\/option><option value=\"faith\" >Faith<\/option><option value=\"fe\" >Fe<\/option><option value=\"fe\" >F\u00e9<\/option><option value=\"primeros-amigos\" >Primeros Amigos<\/option><option value=\"testimonio\" >Testimonio<\/option><option value=\"witness\" >Witness<\/option><\/select><select name=\"sub_topic\"><option value=\"\">Subtema<\/option><option value=\"beliefs-2\" >Beliefs<\/option><option value=\"fe\" >Fe<\/option><option value=\"fe\" >F\u00e9<\/option><option value=\"peace\" >Peace<\/option><option value=\"prayer\" >Prayer<\/option><option value=\"primeros-amigos\" >Primeros Amigos<\/option><option value=\"simplicity\" >Simplicity<\/option><option value=\"spiritual-journey\" >Spiritual Journey<\/option><option value=\"testimonio\" >Testimonio<\/option><\/select><select name=\"pub_keyword\"><option value=\"\">Etiqueta<\/option><option value=\"adoracao\" >adora\u00e7\u00e3o<\/option><option value=\"adoracion\" >adoraci\u00f3n<\/option><option value=\"africa\" >Africa<\/option><option value=\"america-latina\" >Am\u00e9rica Latina<\/option><option value=\"biblia\" >Biblia<\/option><option value=\"community\" >Community<\/option><option value=\"conscientious-objection\" >Conscientious Objection<\/option><option value=\"consejo\" >consejo<\/option><option value=\"conselho\" >conselho<\/option><option value=\"creencias\" >Creencias<\/option><option value=\"early-friends\" >Early Friends<\/option><option value=\"ecumenismo\" >Ecumenismo<\/option><option value=\"elizabeth-fry\" >Elizabeth Fry<\/option><option value=\"evangelio\" >evangelio<\/option><option value=\"familia-de-amigos\" >Familia de Amigos<\/option><option value=\"family\" >Family<\/option><option value=\"fe\" >Fe<\/option><option value=\"formacian-teologico\" >formaci\u00e1n teol\u00f3gico<\/option><option value=\"hispanos-en-los-eu\" >Hispanos en los EU<\/option><option value=\"historia\" >Historia<\/option><option value=\"history\" >History<\/option><option value=\"igualdad\" >igualdad<\/option><option value=\"inmigracion\" >Inmigraci\u00f3n<\/option><option value=\"intervisitacion\" >Intervisitaci\u00f3n<\/option><option value=\"john-woolman\" >John Woolman<\/option><option value=\"justicia\" >justicia<\/option><option value=\"juventud\" >juventud<\/option><option value=\"libertad-de-conciencia\" >libertad de conciencia<\/option><option value=\"lucrecia-mott\" >Lucrecia Mott<\/option><option value=\"ministerio\" >ministerio<\/option><option value=\"misiones\" >misiones<\/option><option value=\"mujeres-cuaqueras\" >mujeres cu\u00e1queras<\/option><option value=\"mysticism\" >Mysticism<\/option><option value=\"naciones-unidas\" >Naciones Unidas<\/option><option value=\"nobel-prize\" >Nobel Prize<\/option><option value=\"nonviolence\" >Nonviolence<\/option><option value=\"obra-social\" >obra social<\/option><option value=\"oracion\" >oraci\u00f3n<\/option><option value=\"paz\" >Paz<\/option><option value=\"peace\" >Peace<\/option><option value=\"poesia\" >Poes\u00eda<\/option><option value=\"poetry\" >Poetry<\/option><option value=\"prayer\" >Prayer<\/option><option value=\"primeros-amigos\" >primeros Amigos<\/option><option value=\"prison\" >Prison<\/option><option value=\"psychology\" >Psychology<\/option><option value=\"racismo\" >Racismo<\/option><option value=\"relationships\" >Relationships<\/option><option value=\"sencillez\" >Sencillez<\/option><option value=\"simplicity\" >Simplicity<\/option><option value=\"social-concern\" >Social Concern<\/option><option value=\"spirituality\" >Spirituality<\/option><option value=\"susan-b-anthony\" >Susan B. Anthony<\/option><option value=\"testimonio\" >Testimonio<\/option><option value=\"testimonio-personal\" >Testimonio Personal<\/option><option value=\"testimonios\" >testimonios<\/option><option value=\"toma-decisiones\" >toma decisiones<\/option><option value=\"witness\" >Witness<\/option><\/select><select name=\"author_country\"><option value=\"\">Pa\u00eds del Aut\u00f3r<\/option><option value=\"bolivia\" >Bolivia<\/option><option value=\"cuba\" >Cuba<\/option><option value=\"el-salvador\" >El Salvador<\/option><option value=\"guatemala\" >Guatemala<\/option><option value=\"honduras\" >Honduras<\/option><option value=\"ireland\" >Ireland<\/option><option value=\"jamaica\" >Jamaica<\/option><option value=\"kenya\" >Kenya<\/option><option value=\"mexico\" >Mexico<\/option><option value=\"spain\" >Spain<\/option><option value=\"uk\" >UK<\/option><option value=\"uk-2\" >UK<\/option><option value=\"usa\" >USA<\/option><option value=\"usa-2\" >USA<\/option><\/select><select name=\"pub_year\"><option value=\"\">A\u00f1o<\/option><option value=\"2010\" >2010<\/option><option value=\"2009\" >2009<\/option><option value=\"2008\" >2008<\/option><option value=\"2007\" >2007<\/option><option value=\"2006\" >2006<\/option><option value=\"2005\" >2005<\/option><option value=\"2004\" >2004<\/option><option value=\"2003\" >2003<\/option><option value=\"2002\" >2002<\/option><option value=\"2001\" >2001<\/option><option value=\"2000\" >2000<\/option><option value=\"1999\" >1999<\/option><option value=\"1998\" >1998<\/option><option value=\"1997\" >1997<\/option><option value=\"1996\" >1996<\/option><option value=\"1995\" >1995<\/option><option value=\"1994\" >1994<\/option><option value=\"1993\" >1993<\/option><option value=\"1992\" >1992<\/option><option value=\"1991\" >1991<\/option><option value=\"1990\" >1990<\/option><option value=\"1989\" >1989<\/option><option value=\"1988\" >1988<\/option><option value=\"1987\" >1987<\/option><option value=\"1986\" >1986<\/option><option value=\"1985\" >1985<\/option><option value=\"1984\" >1984<\/option><option value=\"1983\" >1983<\/option><option value=\"1982\" >1982<\/option><option value=\"1981\" >1981<\/option><option value=\"1980\" >1980<\/option><option value=\"1979\" >1979<\/option><option value=\"1977\" >1977<\/option><option value=\"1969\" >1969<\/option><option value=\"1967\" >1967<\/option><option value=\"1957\" >1957<\/option><\/select>            <input type=\"search\" name=\"q\" value=\"\" placeholder=\"Buscar\u2026\">\n            <button class=\"btn apply\" type=\"submit\">Aplicar<\/button>\n            <a class=\"btn reset\" href=\"\">Reajustar<\/a>\n          <\/form>\n\n          <table class=\"fwcc-table\">\n            <thead>\n              <tr>\n                                <th class=\"sortable\" data-field=\"title\">\n                  T\u00edtulo                  <span class=\"arrow\"><\/span>\n                <\/th>\n                <th>Resumen<\/th>\n                <th>Tema Principal<\/th>\n                <th>Subtema<\/th>\n                <th>Palabras clave<\/th>\n                <!-- Year column removed -->\n                <th>Enlace<\/th>\n              <\/tr>\n            <\/thead>\n\n            <tbody>\n              \n              <tr>\n                <td class=\"cell-title\">\n                  <button class=\"fwcc-acc-toggle\" aria-expanded=\"false\" aria-controls=\"fwcc-acc-3614\" data-target=\"fwcc-acc-3614\"><\/button>\n                  <a href=\"https:\/\/fwccamericas.org\/es\/publication\/una-vision-para-el-tiempo-senalado\">Una visi\u00f3n para el tiempo se\u00f1alado<\/a>\n                <\/td>\n\n                <td class=\"cell-summary\">Dos mensajes a la Reuni\u00f3n Annual de 2009 del Comit\u00e9 Mundial de Consulta de los Amigos, respondiendo al tema sobre la visi\u00f3n<\/td>\n                <td class=\"cell-topic\"><a href=\"\/es\/wp-json\/wp\/v2\/pages\/2871?main_topic=fe\">Fe<\/a><\/td>\n                <td class=\"cell-subtopic\"><a href=\"\/es\/wp-json\/wp\/v2\/pages\/2871?sub_topic=fe\">Fe<\/a><\/td>\n                <td class=\"cell-tags\"><a href=\"\/es\/wp-json\/wp\/v2\/pages\/2871?pub_keyword=biblia\">Biblia<\/a>, <a href=\"\/es\/wp-json\/wp\/v2\/pages\/2871?pub_keyword=fe\">Fe<\/a><\/td>\n\n                <td class=\"cell-actions\">\n                                      <a class=\"btn primary\" href=\"https:\/\/fwccamericas.org\/wp-content\/uploads\/2025\/12\/WoodJ2009sp.pdf\" target=\"_blank\" rel=\"noopener\">\n                        Descargar                         (PDF)                    <\/a>\n\n                        \n                    <a class=\"btn\" href=\"https:\/\/fwccamericas.org\/es\/publication\/una-vision-para-el-tiempo-senalado\">\n                        Ver                    <\/a>\n                <\/td>\n              <\/tr>\n\n              <!-- Mobile accordion detail row -->\n              <tr id=\"fwcc-acc-3614\" class=\"fwcc-acc-row\" aria-hidden=\"true\">\n                <td colspan=\"6\">\n                  <div class=\"fwcc-acc-panel\">\n\n                                          <div class=\"meta\"><strong>Resumen:<\/strong> Dos mensajes a la Reuni\u00f3n Annual de 2009 del Comit\u00e9 Mundial de Consulta de los Amigos, respondiendo al tema sobre la visi\u00f3n<\/div>\n                    \n                                          <div class=\"meta\"><strong>Tema Principal:<\/strong> <a href=\"\/es\/wp-json\/wp\/v2\/pages\/2871?main_topic=fe\">Fe<\/a><\/div>\n                    \n                                          <div class=\"meta\"><strong>Subtema:<\/strong> <a href=\"\/es\/wp-json\/wp\/v2\/pages\/2871?sub_topic=fe\">Fe<\/a><\/div>\n                    \n                                          <div class=\"meta\"><strong>Palabras clave:<\/strong> <a href=\"\/es\/wp-json\/wp\/v2\/pages\/2871?pub_keyword=biblia\">Biblia<\/a>, <a href=\"\/es\/wp-json\/wp\/v2\/pages\/2871?pub_keyword=fe\">Fe<\/a><\/div>\n                    \n                                          <div class=\"meta\"><strong>A\u00f1o:<\/strong> 2009<\/div>\n                    \n                    <div class=\"actions\">\n                                              <a class=\"btn primary\" href=\"https:\/\/fwccamericas.org\/wp-content\/uploads\/2025\/12\/WoodJ2009sp.pdf\" target=\"_blank\" rel=\"noopener\">\n                          Descargar (PDF)                        <\/a>\n                                            <a class=\"btn\" href=\"https:\/\/fwccamericas.org\/es\/publication\/una-vision-para-el-tiempo-senalado\">Ver<\/a>\n                    <\/div>\n                  <\/div>\n                <\/td>\n              <\/tr>\n\n              \n              <tr>\n                <td class=\"cell-title\">\n                  <button class=\"fwcc-acc-toggle\" aria-expanded=\"false\" aria-controls=\"fwcc-acc-3248\" data-target=\"fwcc-acc-3248\"><\/button>\n                  <a href=\"https:\/\/fwccamericas.org\/es\/publication\/el-escribir-como-ministerio\">El Escribir como Ministerio<\/a>\n                <\/td>\n\n                <td class=\"cell-summary\">Dos narraciones fruto de los talleres para escritores cu\u00e1queros latinoamericanos celebrados en 2008 y 2009 en Centroam\u00e9rica.<\/td>\n                <td class=\"cell-topic\"><a href=\"\/es\/wp-json\/wp\/v2\/pages\/2871?main_topic=fe\">Fe<\/a><\/td>\n                <td class=\"cell-subtopic\"><a href=\"\/es\/wp-json\/wp\/v2\/pages\/2871?sub_topic=fe\">Fe<\/a><\/td>\n                <td class=\"cell-tags\"><a href=\"\/es\/wp-json\/wp\/v2\/pages\/2871?pub_keyword=biblia\">Biblia<\/a>, <a href=\"\/es\/wp-json\/wp\/v2\/pages\/2871?pub_keyword=evangelio\">evangelio<\/a>, <a href=\"\/es\/wp-json\/wp\/v2\/pages\/2871?pub_keyword=fe\">Fe<\/a>, <a href=\"\/es\/wp-json\/wp\/v2\/pages\/2871?pub_keyword=testimonio-personal\">Testimonio Personal<\/a><\/td>\n\n                <td class=\"cell-actions\">\n                                      <a class=\"btn primary\" href=\"https:\/\/fwccamericas.org\/wp-content\/uploads\/2025\/12\/Carcamo2009sp.pdf\" target=\"_blank\" rel=\"noopener\">\n                        Descargar                         (PDF)                    <\/a>\n\n                        \n                    <a class=\"btn\" href=\"https:\/\/fwccamericas.org\/es\/publication\/el-escribir-como-ministerio\">\n                        Ver                    <\/a>\n                <\/td>\n              <\/tr>\n\n              <!-- Mobile accordion detail row -->\n              <tr id=\"fwcc-acc-3248\" class=\"fwcc-acc-row\" aria-hidden=\"true\">\n                <td colspan=\"6\">\n                  <div class=\"fwcc-acc-panel\">\n\n                                          <div class=\"meta\"><strong>Resumen:<\/strong> Dos narraciones fruto de los talleres para escritores cu\u00e1queros latinoamericanos celebrados en 2008 y 2009 en Centroam\u00e9rica.<\/div>\n                    \n                                          <div class=\"meta\"><strong>Tema Principal:<\/strong> <a href=\"\/es\/wp-json\/wp\/v2\/pages\/2871?main_topic=fe\">Fe<\/a><\/div>\n                    \n                                          <div class=\"meta\"><strong>Subtema:<\/strong> <a href=\"\/es\/wp-json\/wp\/v2\/pages\/2871?sub_topic=fe\">Fe<\/a><\/div>\n                    \n                                          <div class=\"meta\"><strong>Palabras clave:<\/strong> <a href=\"\/es\/wp-json\/wp\/v2\/pages\/2871?pub_keyword=biblia\">Biblia<\/a>, <a href=\"\/es\/wp-json\/wp\/v2\/pages\/2871?pub_keyword=evangelio\">evangelio<\/a>, <a href=\"\/es\/wp-json\/wp\/v2\/pages\/2871?pub_keyword=fe\">Fe<\/a>, <a href=\"\/es\/wp-json\/wp\/v2\/pages\/2871?pub_keyword=testimonio-personal\">Testimonio Personal<\/a><\/div>\n                    \n                                          <div class=\"meta\"><strong>A\u00f1o:<\/strong> 2009<\/div>\n                    \n                    <div class=\"actions\">\n                                              <a class=\"btn primary\" href=\"https:\/\/fwccamericas.org\/wp-content\/uploads\/2025\/12\/Carcamo2009sp.pdf\" target=\"_blank\" rel=\"noopener\">\n                          Descargar (PDF)                        <\/a>\n                                            <a class=\"btn\" href=\"https:\/\/fwccamericas.org\/es\/publication\/el-escribir-como-ministerio\">Ver<\/a>\n                    <\/div>\n                  <\/div>\n                <\/td>\n              <\/tr>\n\n              \n              <tr>\n                <td class=\"cell-title\">\n                  <button class=\"fwcc-acc-toggle\" aria-expanded=\"false\" aria-controls=\"fwcc-acc-3704\" data-target=\"fwcc-acc-3704\"><\/button>\n                  <a href=\"https:\/\/fwccamericas.org\/es\/publication\/la-intervisitacion\">La Intervisitaci\u00f3n<\/a>\n                <\/td>\n\n                <td class=\"cell-summary\">Mensaje dado en la Reuni\u00f3n Anual del CMCA-Secci\u00f3n de las Am\u00e9ricas de 2008. Habla de c\u00f3mo la intervisitaci\u00f3n impacta nuestra vida y la de nuestras juntas mensuales.<\/td>\n                <td class=\"cell-topic\"><\/td>\n                <td class=\"cell-subtopic\"><a href=\"\/es\/wp-json\/wp\/v2\/pages\/2871?sub_topic=testimonio\">Testimonio<\/a><\/td>\n                <td class=\"cell-tags\"><a href=\"\/es\/wp-json\/wp\/v2\/pages\/2871?pub_keyword=familia-de-amigos\">Familia de Amigos<\/a>, <a href=\"\/es\/wp-json\/wp\/v2\/pages\/2871?pub_keyword=intervisitacion\">Intervisitaci\u00f3n<\/a>, <a href=\"\/es\/wp-json\/wp\/v2\/pages\/2871?pub_keyword=testimonio-personal\">Testimonio Personal<\/a><\/td>\n\n                <td class=\"cell-actions\">\n                                      <a class=\"btn primary\" href=\"\" target=\"_blank\" rel=\"noopener\">\n                        Descargar                         (PDF)                    <\/a>\n\n                        \n                    <a class=\"btn\" href=\"https:\/\/fwccamericas.org\/es\/publication\/la-intervisitacion\">\n                        Ver                    <\/a>\n                <\/td>\n              <\/tr>\n\n              <!-- Mobile accordion detail row -->\n              <tr id=\"fwcc-acc-3704\" class=\"fwcc-acc-row\" aria-hidden=\"true\">\n                <td colspan=\"6\">\n                  <div class=\"fwcc-acc-panel\">\n\n                                          <div class=\"meta\"><strong>Resumen:<\/strong> Mensaje dado en la Reuni\u00f3n Anual del CMCA-Secci\u00f3n de las Am\u00e9ricas de 2008. Habla de c\u00f3mo la intervisitaci\u00f3n impacta nuestra vida y la de nuestras juntas mensuales.<\/div>\n                    \n                    \n                                          <div class=\"meta\"><strong>Subtema:<\/strong> <a href=\"\/es\/wp-json\/wp\/v2\/pages\/2871?sub_topic=testimonio\">Testimonio<\/a><\/div>\n                    \n                                          <div class=\"meta\"><strong>Palabras clave:<\/strong> <a href=\"\/es\/wp-json\/wp\/v2\/pages\/2871?pub_keyword=familia-de-amigos\">Familia de Amigos<\/a>, <a href=\"\/es\/wp-json\/wp\/v2\/pages\/2871?pub_keyword=intervisitacion\">Intervisitaci\u00f3n<\/a>, <a href=\"\/es\/wp-json\/wp\/v2\/pages\/2871?pub_keyword=testimonio-personal\">Testimonio Personal<\/a><\/div>\n                    \n                                          <div class=\"meta\"><strong>A\u00f1o:<\/strong> 2008<\/div>\n                    \n                    <div class=\"actions\">\n                                              <a class=\"btn primary\" href=\"\" target=\"_blank\" rel=\"noopener\">\n                          Descargar (PDF)                        <\/a>\n                                            <a class=\"btn\" href=\"https:\/\/fwccamericas.org\/es\/publication\/la-intervisitacion\">Ver<\/a>\n                    <\/div>\n                  <\/div>\n                <\/td>\n              <\/tr>\n\n              \n              <tr>\n                <td class=\"cell-title\">\n                  <button class=\"fwcc-acc-toggle\" aria-expanded=\"false\" aria-controls=\"fwcc-acc-3307\" data-target=\"fwcc-acc-3307\"><\/button>\n                  <a href=\"https:\/\/fwccamericas.org\/es\/publication\/nuevas-misericordias\">Nuevas Misericordias<\/a>\n                <\/td>\n\n                <td class=\"cell-summary\">Mensaje dado en la Reuni\u00f3n Anual del CMCA-Secci\u00f3n de las Am\u00e9ricas de 2008. Estudio B\u00edblico basado en Lamentaciones 3: 22-23<\/td>\n                <td class=\"cell-topic\"><a href=\"\/es\/wp-json\/wp\/v2\/pages\/2871?main_topic=fe\">Fe<\/a><\/td>\n                <td class=\"cell-subtopic\"><a href=\"\/es\/wp-json\/wp\/v2\/pages\/2871?sub_topic=fe\">Fe<\/a><\/td>\n                <td class=\"cell-tags\"><a href=\"\/es\/wp-json\/wp\/v2\/pages\/2871?pub_keyword=fe\">Fe<\/a>, <a href=\"\/es\/wp-json\/wp\/v2\/pages\/2871?pub_keyword=testimonio-personal\">Testimonio Personal<\/a><\/td>\n\n                <td class=\"cell-actions\">\n                                      <a class=\"btn primary\" href=\"https:\/\/fwccamericas.org\/wp-content\/uploads\/2025\/12\/Martinez2008sp.pdf\" target=\"_blank\" rel=\"noopener\">\n                        Descargar                         (PDF)                    <\/a>\n\n                        \n                    <a class=\"btn\" href=\"https:\/\/fwccamericas.org\/es\/publication\/nuevas-misericordias\">\n                        Ver                    <\/a>\n                <\/td>\n              <\/tr>\n\n              <!-- Mobile accordion detail row -->\n              <tr id=\"fwcc-acc-3307\" class=\"fwcc-acc-row\" aria-hidden=\"true\">\n                <td colspan=\"6\">\n                  <div class=\"fwcc-acc-panel\">\n\n                                          <div class=\"meta\"><strong>Resumen:<\/strong> Mensaje dado en la Reuni\u00f3n Anual del CMCA-Secci\u00f3n de las Am\u00e9ricas de 2008. Estudio B\u00edblico basado en Lamentaciones 3: 22-23<\/div>\n                    \n                                          <div class=\"meta\"><strong>Tema Principal:<\/strong> <a href=\"\/es\/wp-json\/wp\/v2\/pages\/2871?main_topic=fe\">Fe<\/a><\/div>\n                    \n                                          <div class=\"meta\"><strong>Subtema:<\/strong> <a href=\"\/es\/wp-json\/wp\/v2\/pages\/2871?sub_topic=fe\">Fe<\/a><\/div>\n                    \n                                          <div class=\"meta\"><strong>Palabras clave:<\/strong> <a href=\"\/es\/wp-json\/wp\/v2\/pages\/2871?pub_keyword=fe\">Fe<\/a>, <a href=\"\/es\/wp-json\/wp\/v2\/pages\/2871?pub_keyword=testimonio-personal\">Testimonio Personal<\/a><\/div>\n                    \n                                          <div class=\"meta\"><strong>A\u00f1o:<\/strong> 2008<\/div>\n                    \n                    <div class=\"actions\">\n                                              <a class=\"btn primary\" href=\"https:\/\/fwccamericas.org\/wp-content\/uploads\/2025\/12\/Martinez2008sp.pdf\" target=\"_blank\" rel=\"noopener\">\n                          Descargar (PDF)                        <\/a>\n                                            <a class=\"btn\" href=\"https:\/\/fwccamericas.org\/es\/publication\/nuevas-misericordias\">Ver<\/a>\n                    <\/div>\n                  <\/div>\n                <\/td>\n              <\/tr>\n\n              \n              <tr>\n                <td class=\"cell-title\">\n                  <button class=\"fwcc-acc-toggle\" aria-expanded=\"false\" aria-controls=\"fwcc-acc-3590\" data-target=\"fwcc-acc-3590\"><\/button>\n                  <a href=\"https:\/\/fwccamericas.org\/es\/publication\/shalom-es-mucho-mas-que-paz\">Shalom es mucho m\u00e1s que paz<\/a>\n                <\/td>\n\n                <td class=\"cell-summary\">Una an\u00e1lisis del concepto b\u00edblico de &quot;shalom&quot; y como contiene no solamente la paz (la ausencia de violencia) sino tambi\u00e9n otros conceptos como la justicia y la igualdad de todas las personas.<\/td>\n                <td class=\"cell-topic\"><a href=\"\/es\/wp-json\/wp\/v2\/pages\/2871?main_topic=testimonio\">Testimonio<\/a><\/td>\n                <td class=\"cell-subtopic\"><a href=\"\/es\/wp-json\/wp\/v2\/pages\/2871?sub_topic=testimonio\">Testimonio<\/a><\/td>\n                <td class=\"cell-tags\"><a href=\"\/es\/wp-json\/wp\/v2\/pages\/2871?pub_keyword=fe\">Fe<\/a>, <a href=\"\/es\/wp-json\/wp\/v2\/pages\/2871?pub_keyword=paz\">Paz<\/a>, <a href=\"\/es\/wp-json\/wp\/v2\/pages\/2871?pub_keyword=testimonio\">Testimonio<\/a><\/td>\n\n                <td class=\"cell-actions\">\n                                      <a class=\"btn primary\" href=\"https:\/\/fwccamericas.org\/wp-content\/uploads\/2025\/12\/Prete2008sp-1.pdf\" target=\"_blank\" rel=\"noopener\">\n                        Descargar                         (PDF)                    <\/a>\n\n                        \n                    <a class=\"btn\" href=\"https:\/\/fwccamericas.org\/es\/publication\/shalom-es-mucho-mas-que-paz\">\n                        Ver                    <\/a>\n                <\/td>\n              <\/tr>\n\n              <!-- Mobile accordion detail row -->\n              <tr id=\"fwcc-acc-3590\" class=\"fwcc-acc-row\" aria-hidden=\"true\">\n                <td colspan=\"6\">\n                  <div class=\"fwcc-acc-panel\">\n\n                                          <div class=\"meta\"><strong>Resumen:<\/strong> Una an\u00e1lisis del concepto b\u00edblico de &quot;shalom&quot; y como contiene no solamente la paz (la ausencia de violencia) sino tambi\u00e9n otros conceptos como la justicia y la igualdad de todas las personas.<\/div>\n                    \n                                          <div class=\"meta\"><strong>Tema Principal:<\/strong> <a href=\"\/es\/wp-json\/wp\/v2\/pages\/2871?main_topic=testimonio\">Testimonio<\/a><\/div>\n                    \n                                          <div class=\"meta\"><strong>Subtema:<\/strong> <a href=\"\/es\/wp-json\/wp\/v2\/pages\/2871?sub_topic=testimonio\">Testimonio<\/a><\/div>\n                    \n                                          <div class=\"meta\"><strong>Palabras clave:<\/strong> <a href=\"\/es\/wp-json\/wp\/v2\/pages\/2871?pub_keyword=fe\">Fe<\/a>, <a href=\"\/es\/wp-json\/wp\/v2\/pages\/2871?pub_keyword=paz\">Paz<\/a>, <a href=\"\/es\/wp-json\/wp\/v2\/pages\/2871?pub_keyword=testimonio\">Testimonio<\/a><\/div>\n                    \n                                          <div class=\"meta\"><strong>A\u00f1o:<\/strong> 2008<\/div>\n                    \n                    <div class=\"actions\">\n                                              <a class=\"btn primary\" href=\"https:\/\/fwccamericas.org\/wp-content\/uploads\/2025\/12\/Prete2008sp-1.pdf\" target=\"_blank\" rel=\"noopener\">\n                          Descargar (PDF)                        <\/a>\n                                            <a class=\"btn\" href=\"https:\/\/fwccamericas.org\/es\/publication\/shalom-es-mucho-mas-que-paz\">Ver<\/a>\n                    <\/div>\n                  <\/div>\n                <\/td>\n              <\/tr>\n\n              \n              <tr>\n                <td class=\"cell-title\">\n                  <button class=\"fwcc-acc-toggle\" aria-expanded=\"false\" aria-controls=\"fwcc-acc-3274\" data-target=\"fwcc-acc-3274\"><\/button>\n                  <a href=\"https:\/\/fwccamericas.org\/es\/publication\/perspectivas-sobre-el-metodo-cuaquero\">Perspectivas sobre el Metodo Cuaquero*<\/a>\n                <\/td>\n\n                <td class=\"cell-summary\">Consejos y principios Cu\u00e1queros sobre el buen orden en la toma de decisiones. Un grupo de fragmentos de varias obras de Amigos modernos y antiguos.<\/td>\n                <td class=\"cell-topic\"><a href=\"\/es\/wp-json\/wp\/v2\/pages\/2871?main_topic=fe\">Fe<\/a><\/td>\n                <td class=\"cell-subtopic\"><a href=\"\/es\/wp-json\/wp\/v2\/pages\/2871?sub_topic=fe\">Fe<\/a><\/td>\n                <td class=\"cell-tags\"><a href=\"\/es\/wp-json\/wp\/v2\/pages\/2871?pub_keyword=consejo\">consejo<\/a>, <a href=\"\/es\/wp-json\/wp\/v2\/pages\/2871?pub_keyword=toma-decisiones\">toma decisiones<\/a><\/td>\n\n                <td class=\"cell-actions\">\n                                      <a class=\"btn primary\" href=\"https:\/\/fwccamericas.org\/wp-content\/uploads\/2025\/12\/Furry2008sp.pdf\" target=\"_blank\" rel=\"noopener\">\n                        Descargar                         (PDF)                    <\/a>\n\n                        \n                    <a class=\"btn\" href=\"https:\/\/fwccamericas.org\/es\/publication\/perspectivas-sobre-el-metodo-cuaquero\">\n                        Ver                    <\/a>\n                <\/td>\n              <\/tr>\n\n              <!-- Mobile accordion detail row -->\n              <tr id=\"fwcc-acc-3274\" class=\"fwcc-acc-row\" aria-hidden=\"true\">\n                <td colspan=\"6\">\n                  <div class=\"fwcc-acc-panel\">\n\n                                          <div class=\"meta\"><strong>Resumen:<\/strong> Consejos y principios Cu\u00e1queros sobre el buen orden en la toma de decisiones. Un grupo de fragmentos de varias obras de Amigos modernos y antiguos.<\/div>\n                    \n                                          <div class=\"meta\"><strong>Tema Principal:<\/strong> <a href=\"\/es\/wp-json\/wp\/v2\/pages\/2871?main_topic=fe\">Fe<\/a><\/div>\n                    \n                                          <div class=\"meta\"><strong>Subtema:<\/strong> <a href=\"\/es\/wp-json\/wp\/v2\/pages\/2871?sub_topic=fe\">Fe<\/a><\/div>\n                    \n                                          <div class=\"meta\"><strong>Palabras clave:<\/strong> <a href=\"\/es\/wp-json\/wp\/v2\/pages\/2871?pub_keyword=consejo\">consejo<\/a>, <a href=\"\/es\/wp-json\/wp\/v2\/pages\/2871?pub_keyword=toma-decisiones\">toma decisiones<\/a><\/div>\n                    \n                                          <div class=\"meta\"><strong>A\u00f1o:<\/strong> 2008<\/div>\n                    \n                    <div class=\"actions\">\n                                              <a class=\"btn primary\" href=\"https:\/\/fwccamericas.org\/wp-content\/uploads\/2025\/12\/Furry2008sp.pdf\" target=\"_blank\" rel=\"noopener\">\n                          Descargar (PDF)                        <\/a>\n                                            <a class=\"btn\" href=\"https:\/\/fwccamericas.org\/es\/publication\/perspectivas-sobre-el-metodo-cuaquero\">Ver<\/a>\n                    <\/div>\n                  <\/div>\n                <\/td>\n              <\/tr>\n\n              \n              <tr>\n                <td class=\"cell-title\">\n                  <button class=\"fwcc-acc-toggle\" aria-expanded=\"false\" aria-controls=\"fwcc-acc-3619\" data-target=\"fwcc-acc-3619\"><\/button>\n                  <a href=\"https:\/\/fwccamericas.org\/es\/publication\/como-he-sido-instrumento-de-paz\">Como he sido instrumento de paz<\/a>\n                <\/td>\n\n                <td class=\"cell-summary\">Mensaje dado en la Reuni\u00f3n Anual del CMCA-Secci\u00f3n de las Am\u00e9ricas de 2008<\/td>\n                <td class=\"cell-topic\"><a href=\"\/es\/wp-json\/wp\/v2\/pages\/2871?main_topic=testimonio\">Testimonio<\/a><\/td>\n                <td class=\"cell-subtopic\"><a href=\"\/es\/wp-json\/wp\/v2\/pages\/2871?sub_topic=testimonio\">Testimonio<\/a><\/td>\n                <td class=\"cell-tags\"><a href=\"\/es\/wp-json\/wp\/v2\/pages\/2871?pub_keyword=paz\">Paz<\/a>, <a href=\"\/es\/wp-json\/wp\/v2\/pages\/2871?pub_keyword=testimonio-personal\">Testimonio Personal<\/a><\/td>\n\n                <td class=\"cell-actions\">\n                                      <a class=\"btn primary\" href=\"https:\/\/fwccamericas.org\/wp-content\/uploads\/2025\/12\/Pena2008sp.pdf\" target=\"_blank\" rel=\"noopener\">\n                        Descargar                         (PDF)                    <\/a>\n\n                        \n                    <a class=\"btn\" href=\"https:\/\/fwccamericas.org\/es\/publication\/como-he-sido-instrumento-de-paz\">\n                        Ver                    <\/a>\n                <\/td>\n              <\/tr>\n\n              <!-- Mobile accordion detail row -->\n              <tr id=\"fwcc-acc-3619\" class=\"fwcc-acc-row\" aria-hidden=\"true\">\n                <td colspan=\"6\">\n                  <div class=\"fwcc-acc-panel\">\n\n                                          <div class=\"meta\"><strong>Resumen:<\/strong> Mensaje dado en la Reuni\u00f3n Anual del CMCA-Secci\u00f3n de las Am\u00e9ricas de 2008<\/div>\n                    \n                                          <div class=\"meta\"><strong>Tema Principal:<\/strong> <a href=\"\/es\/wp-json\/wp\/v2\/pages\/2871?main_topic=testimonio\">Testimonio<\/a><\/div>\n                    \n                                          <div class=\"meta\"><strong>Subtema:<\/strong> <a href=\"\/es\/wp-json\/wp\/v2\/pages\/2871?sub_topic=testimonio\">Testimonio<\/a><\/div>\n                    \n                                          <div class=\"meta\"><strong>Palabras clave:<\/strong> <a href=\"\/es\/wp-json\/wp\/v2\/pages\/2871?pub_keyword=paz\">Paz<\/a>, <a href=\"\/es\/wp-json\/wp\/v2\/pages\/2871?pub_keyword=testimonio-personal\">Testimonio Personal<\/a><\/div>\n                    \n                                          <div class=\"meta\"><strong>A\u00f1o:<\/strong> 2008<\/div>\n                    \n                    <div class=\"actions\">\n                                              <a class=\"btn primary\" href=\"https:\/\/fwccamericas.org\/wp-content\/uploads\/2025\/12\/Pena2008sp.pdf\" target=\"_blank\" rel=\"noopener\">\n                          Descargar (PDF)                        <\/a>\n                                            <a class=\"btn\" href=\"https:\/\/fwccamericas.org\/es\/publication\/como-he-sido-instrumento-de-paz\">Ver<\/a>\n                    <\/div>\n                  <\/div>\n                <\/td>\n              <\/tr>\n\n              \n              <tr>\n                <td class=\"cell-title\">\n                  <button class=\"fwcc-acc-toggle\" aria-expanded=\"false\" aria-controls=\"fwcc-acc-2890\" data-target=\"fwcc-acc-2890\"><\/button>\n                  <a href=\"https:\/\/fwccamericas.org\/es\/publication\/how-i-survived-my-halo\">How I survived my Halo<\/a>\n                <\/td>\n\n                <td class=\"cell-summary\">A Friend tells how she drew on both religious and psychological resources after major surgery and a lengthy hospital stay.<\/td>\n                <td class=\"cell-topic\"><a href=\"\/es\/wp-json\/wp\/v2\/pages\/2871?main_topic=faith\">Faith<\/a><\/td>\n                <td class=\"cell-subtopic\"><a href=\"\/es\/wp-json\/wp\/v2\/pages\/2871?sub_topic=spiritual-journey\">Spiritual Journey<\/a><\/td>\n                <td class=\"cell-tags\"><a href=\"\/es\/wp-json\/wp\/v2\/pages\/2871?pub_keyword=family\">Family<\/a>, <a href=\"\/es\/wp-json\/wp\/v2\/pages\/2871?pub_keyword=prayer\">Prayer<\/a>, <a href=\"\/es\/wp-json\/wp\/v2\/pages\/2871?pub_keyword=psychology\">Psychology<\/a><\/td>\n\n                <td class=\"cell-actions\">\n                                      <a class=\"btn primary\" href=\"https:\/\/fwccamericas.org\/wp-content\/uploads\/2025\/11\/Boeger2006.pdf\" target=\"_blank\" rel=\"noopener\">\n                        Descargar                         (PDF)                    <\/a>\n\n                        \n                    <a class=\"btn\" href=\"https:\/\/fwccamericas.org\/es\/publication\/how-i-survived-my-halo\">\n                        Ver                    <\/a>\n                <\/td>\n              <\/tr>\n\n              <!-- Mobile accordion detail row -->\n              <tr id=\"fwcc-acc-2890\" class=\"fwcc-acc-row\" aria-hidden=\"true\">\n                <td colspan=\"6\">\n                  <div class=\"fwcc-acc-panel\">\n\n                                          <div class=\"meta\"><strong>Resumen:<\/strong> A Friend tells how she drew on both religious and psychological resources after major surgery and a lengthy hospital stay.<\/div>\n                    \n                                          <div class=\"meta\"><strong>Tema Principal:<\/strong> <a href=\"\/es\/wp-json\/wp\/v2\/pages\/2871?main_topic=faith\">Faith<\/a><\/div>\n                    \n                                          <div class=\"meta\"><strong>Subtema:<\/strong> <a href=\"\/es\/wp-json\/wp\/v2\/pages\/2871?sub_topic=spiritual-journey\">Spiritual Journey<\/a><\/div>\n                    \n                                          <div class=\"meta\"><strong>Palabras clave:<\/strong> <a href=\"\/es\/wp-json\/wp\/v2\/pages\/2871?pub_keyword=family\">Family<\/a>, <a href=\"\/es\/wp-json\/wp\/v2\/pages\/2871?pub_keyword=prayer\">Prayer<\/a>, <a href=\"\/es\/wp-json\/wp\/v2\/pages\/2871?pub_keyword=psychology\">Psychology<\/a><\/div>\n                    \n                                          <div class=\"meta\"><strong>A\u00f1o:<\/strong> 2006<\/div>\n                    \n                    <div class=\"actions\">\n                                              <a class=\"btn primary\" href=\"https:\/\/fwccamericas.org\/wp-content\/uploads\/2025\/11\/Boeger2006.pdf\" target=\"_blank\" rel=\"noopener\">\n                          Descargar (PDF)                        <\/a>\n                                            <a class=\"btn\" href=\"https:\/\/fwccamericas.org\/es\/publication\/how-i-survived-my-halo\">Ver<\/a>\n                    <\/div>\n                  <\/div>\n                <\/td>\n              <\/tr>\n\n              \n              <tr>\n                <td class=\"cell-title\">\n                  <button class=\"fwcc-acc-toggle\" aria-expanded=\"false\" aria-controls=\"fwcc-acc-2884\" data-target=\"fwcc-acc-2884\"><\/button>\n                  <a href=\"https:\/\/fwccamericas.org\/es\/publication\/remembering-agnes-a-lesson-in-nonviolence\">Remembering Agnes: A lesson in Nonviolence<\/a>\n                <\/td>\n\n                <td class=\"cell-summary\">Quaker historian and author recounts a remarkable experience she had while working in a mental hospital with her husband, who was a conscientious objector during the Second World War.<\/td>\n                <td class=\"cell-topic\"><a href=\"\/es\/wp-json\/wp\/v2\/pages\/2871?main_topic=witness\">Witness<\/a><\/td>\n                <td class=\"cell-subtopic\"><a href=\"\/es\/wp-json\/wp\/v2\/pages\/2871?sub_topic=peace\">Peace<\/a><\/td>\n                <td class=\"cell-tags\"><a href=\"\/es\/wp-json\/wp\/v2\/pages\/2871?pub_keyword=conscientious-objection\">Conscientious Objection<\/a>, <a href=\"\/es\/wp-json\/wp\/v2\/pages\/2871?pub_keyword=nonviolence\">Nonviolence<\/a>, <a href=\"\/es\/wp-json\/wp\/v2\/pages\/2871?pub_keyword=peace\">Peace<\/a>, <a href=\"\/es\/wp-json\/wp\/v2\/pages\/2871?pub_keyword=relationships\">Relationships<\/a>, <a href=\"\/es\/wp-json\/wp\/v2\/pages\/2871?pub_keyword=social-concern\">Social Concern<\/a>, <a href=\"\/es\/wp-json\/wp\/v2\/pages\/2871?pub_keyword=witness\">Witness<\/a><\/td>\n\n                <td class=\"cell-actions\">\n                                      <a class=\"btn primary\" href=\"https:\/\/fwccamericas.org\/wp-content\/uploads\/2025\/11\/Bacon2008.pdf\" target=\"_blank\" rel=\"noopener\">\n                        Descargar                         (PDF)                    <\/a>\n\n                        \n                    <a class=\"btn\" href=\"https:\/\/fwccamericas.org\/es\/publication\/remembering-agnes-a-lesson-in-nonviolence\">\n                        Ver                    <\/a>\n                <\/td>\n              <\/tr>\n\n              <!-- Mobile accordion detail row -->\n              <tr id=\"fwcc-acc-2884\" class=\"fwcc-acc-row\" aria-hidden=\"true\">\n                <td colspan=\"6\">\n                  <div class=\"fwcc-acc-panel\">\n\n                                          <div class=\"meta\"><strong>Resumen:<\/strong> Quaker historian and author recounts a remarkable experience she had while working in a mental hospital with her husband, who was a conscientious objector during the Second World War.<\/div>\n                    \n                                          <div class=\"meta\"><strong>Tema Principal:<\/strong> <a href=\"\/es\/wp-json\/wp\/v2\/pages\/2871?main_topic=witness\">Witness<\/a><\/div>\n                    \n                                          <div class=\"meta\"><strong>Subtema:<\/strong> <a href=\"\/es\/wp-json\/wp\/v2\/pages\/2871?sub_topic=peace\">Peace<\/a><\/div>\n                    \n                                          <div class=\"meta\"><strong>Palabras clave:<\/strong> <a href=\"\/es\/wp-json\/wp\/v2\/pages\/2871?pub_keyword=conscientious-objection\">Conscientious Objection<\/a>, <a href=\"\/es\/wp-json\/wp\/v2\/pages\/2871?pub_keyword=nonviolence\">Nonviolence<\/a>, <a href=\"\/es\/wp-json\/wp\/v2\/pages\/2871?pub_keyword=peace\">Peace<\/a>, <a href=\"\/es\/wp-json\/wp\/v2\/pages\/2871?pub_keyword=relationships\">Relationships<\/a>, <a href=\"\/es\/wp-json\/wp\/v2\/pages\/2871?pub_keyword=social-concern\">Social Concern<\/a>, <a href=\"\/es\/wp-json\/wp\/v2\/pages\/2871?pub_keyword=witness\">Witness<\/a><\/div>\n                    \n                                          <div class=\"meta\"><strong>A\u00f1o:<\/strong> 2006<\/div>\n                    \n                    <div class=\"actions\">\n                                              <a class=\"btn primary\" href=\"https:\/\/fwccamericas.org\/wp-content\/uploads\/2025\/11\/Bacon2008.pdf\" target=\"_blank\" rel=\"noopener\">\n                          Descargar (PDF)                        <\/a>\n                                            <a class=\"btn\" href=\"https:\/\/fwccamericas.org\/es\/publication\/remembering-agnes-a-lesson-in-nonviolence\">Ver<\/a>\n                    <\/div>\n                  <\/div>\n                <\/td>\n              <\/tr>\n\n              \n              <tr>\n                <td class=\"cell-title\">\n                  <button class=\"fwcc-acc-toggle\" aria-expanded=\"false\" aria-controls=\"fwcc-acc-3271\" data-target=\"fwcc-acc-3271\"><\/button>\n                  <a href=\"https:\/\/fwccamericas.org\/es\/publication\/la-reunion-mundial-de-amigos-jovenes\">La Reuni\u00f3n Mundial de Amigos J\u00f3venes<\/a>\n                <\/td>\n\n                <td class=\"cell-summary\">Extractos de reportes sometidos por varios j\u00f3venes latinoamericanos que asistieron a la Reuni\u00f3n Mundial de Amigos J\u00f3venes<\/td>\n                <td class=\"cell-topic\"><a href=\"\/es\/wp-json\/wp\/v2\/pages\/2871?main_topic=fe\">Fe<\/a><\/td>\n                <td class=\"cell-subtopic\"><a href=\"\/es\/wp-json\/wp\/v2\/pages\/2871?sub_topic=fe\">Fe<\/a><\/td>\n                <td class=\"cell-tags\"><a href=\"\/es\/wp-json\/wp\/v2\/pages\/2871?pub_keyword=fe\">Fe<\/a>, <a href=\"\/es\/wp-json\/wp\/v2\/pages\/2871?pub_keyword=testimonio-personal\">Testimonio Personal<\/a><\/td>\n\n                <td class=\"cell-actions\">\n                                      <a class=\"btn primary\" href=\"https:\/\/fwccamericas.org\/wp-content\/uploads\/2025\/12\/FWCC2006sp.pdf\" target=\"_blank\" rel=\"noopener\">\n                        Descargar                         (PDF)                    <\/a>\n\n                        \n                    <a class=\"btn\" href=\"https:\/\/fwccamericas.org\/es\/publication\/la-reunion-mundial-de-amigos-jovenes\">\n                        Ver                    <\/a>\n                <\/td>\n              <\/tr>\n\n              <!-- Mobile accordion detail row -->\n              <tr id=\"fwcc-acc-3271\" class=\"fwcc-acc-row\" aria-hidden=\"true\">\n                <td colspan=\"6\">\n                  <div class=\"fwcc-acc-panel\">\n\n                                          <div class=\"meta\"><strong>Resumen:<\/strong> Extractos de reportes sometidos por varios j\u00f3venes latinoamericanos que asistieron a la Reuni\u00f3n Mundial de Amigos J\u00f3venes<\/div>\n                    \n                                          <div class=\"meta\"><strong>Tema Principal:<\/strong> <a href=\"\/es\/wp-json\/wp\/v2\/pages\/2871?main_topic=fe\">Fe<\/a><\/div>\n                    \n                                          <div class=\"meta\"><strong>Subtema:<\/strong> <a href=\"\/es\/wp-json\/wp\/v2\/pages\/2871?sub_topic=fe\">Fe<\/a><\/div>\n                    \n                                          <div class=\"meta\"><strong>Palabras clave:<\/strong> <a href=\"\/es\/wp-json\/wp\/v2\/pages\/2871?pub_keyword=fe\">Fe<\/a>, <a href=\"\/es\/wp-json\/wp\/v2\/pages\/2871?pub_keyword=testimonio-personal\">Testimonio Personal<\/a><\/div>\n                    \n                                          <div class=\"meta\"><strong>A\u00f1o:<\/strong> 2006<\/div>\n                    \n                    <div class=\"actions\">\n                                              <a class=\"btn primary\" href=\"https:\/\/fwccamericas.org\/wp-content\/uploads\/2025\/12\/FWCC2006sp.pdf\" target=\"_blank\" rel=\"noopener\">\n                          Descargar (PDF)                        <\/a>\n                                            <a class=\"btn\" href=\"https:\/\/fwccamericas.org\/es\/publication\/la-reunion-mundial-de-amigos-jovenes\">Ver<\/a>\n                    <\/div>\n                  <\/div>\n                <\/td>\n              <\/tr>\n\n                          <\/tbody>\n          <\/table>\n\n                    <nav class=\"fwcc-pagination\" aria-label=\"Pagination\">\n            <span aria-current=\"page\" class=\"page-numbers current\">1<\/span><a class=\"page-numbers\" href=\"https:\/\/fwccamericas.org\/es\/publication\/la-reunion-mundial-de-amigos-jovenes?paged=2\">2<\/a><a class=\"page-numbers\" href=\"https:\/\/fwccamericas.org\/es\/publication\/la-reunion-mundial-de-amigos-jovenes?paged=3\">3<\/a><span class=\"page-numbers dots\">&hellip;<\/span><a class=\"page-numbers\" href=\"https:\/\/fwccamericas.org\/es\/publication\/la-reunion-mundial-de-amigos-jovenes?paged=6\">6<\/a><a class=\"next page-numbers\" href=\"https:\/\/fwccamericas.org\/es\/publication\/la-reunion-mundial-de-amigos-jovenes?paged=2\">Siguiente &raquo;<\/a>          <\/nav>\n          \n        <\/div>\n\n        <\/div>\n\t\t\t\t\t\t<\/div>\n\t\t\t\t\t<\/div>\n\t\t\t\t<\/div>\n\t\t\t\t<\/div>\n\t\t","protected":false},"excerpt":{"rendered":"<p>Publicaciones Bienvenido a nuestra extensa biblioteca de publicaciones cu\u00e1queras: un valioso recurso que puede explorar filtrando por idioma, tema principal, subtema, etiquetas, pa\u00eds del autor y a\u00f1o de publicaci\u00f3n. Simplemente seleccione sus t\u00e9rminos de b\u00fasqueda y haga clic en \u00abAplicar\u00bb para ver los resultados; luego, utilice \u00abVer\u00bb para obtener m\u00e1s informaci\u00f3n sobre una publicaci\u00f3n o [&hellip;]<\/p>\n","protected":false},"author":3,"featured_media":0,"parent":0,"menu_order":0,"comment_status":"closed","ping_status":"closed","template":"full-width.php","meta":{"footnotes":""},"class_list":["post-2871","page","type-page","status-publish","hentry"],"aioseo_notices":[],"_links":{"self":[{"href":"https:\/\/fwccamericas.org\/es\/wp-json\/wp\/v2\/pages\/2871","targetHints":{"allow":["GET"]}}],"collection":[{"href":"https:\/\/fwccamericas.org\/es\/wp-json\/wp\/v2\/pages"}],"about":[{"href":"https:\/\/fwccamericas.org\/es\/wp-json\/wp\/v2\/types\/page"}],"author":[{"embeddable":true,"href":"https:\/\/fwccamericas.org\/es\/wp-json\/wp\/v2\/users\/3"}],"replies":[{"embeddable":true,"href":"https:\/\/fwccamericas.org\/es\/wp-json\/wp\/v2\/comments?post=2871"}],"version-history":[{"count":4,"href":"https:\/\/fwccamericas.org\/es\/wp-json\/wp\/v2\/pages\/2871\/revisions"}],"predecessor-version":[{"id":4635,"href":"https:\/\/fwccamericas.org\/es\/wp-json\/wp\/v2\/pages\/2871\/revisions\/4635"}],"wp:attachment":[{"href":"https:\/\/fwccamericas.org\/es\/wp-json\/wp\/v2\/media?parent=2871"}],"curies":[{"name":"wp","href":"https:\/\/api.w.org\/{rel}","templated":true}]}}