{"id":4689,"date":"2026-04-13T15:05:24","date_gmt":"2026-04-13T22:05:24","guid":{"rendered":"https:\/\/fwccamericas.org\/event\/reuniond-de-la-seccion-2027-syracuse-indiana"},"modified":"2026-04-23T11:25:19","modified_gmt":"2026-04-23T18:25:19","slug":"reuniond-de-la-seccion-2027-syracuse-indiana","status":"publish","type":"event","link":"https:\/\/fwccamericas.org\/es\/event\/reuniond-de-la-seccion-2027-syracuse-indiana","title":{"rendered":"Reuni\u00f3n de la Secci\u00f3n 2027 \u2013 Syracuse, Indiana"},"content":{"rendered":"\t\t<div data-elementor-type=\"wp-post\" data-elementor-id=\"4689\" class=\"elementor elementor-4689 elementor-4636\">\n\t\t\t\t<div class=\"elementor-element elementor-element-422f55a0 e-flex e-con-boxed e-con e-parent\" data-id=\"422f55a0\" data-element_type=\"container\" data-e-type=\"container\">\n\t\t\t\t\t<div class=\"e-con-inner\">\n\t\t\t\t<div class=\"elementor-element elementor-element-7711a3f9 elementor-widget elementor-widget-text-editor\" data-id=\"7711a3f9\" data-element_type=\"widget\" data-e-type=\"widget\" data-widget_type=\"text-editor.default\">\n\t\t\t\t\t\t\t\t\t<p>\u00a1Reserva la fecha! Amigos de todas las Am\u00e9ricas est\u00e1n cordialmente invitados a reunirse <b>en persona y en l\u00ednea<\/b> para la Reuni\u00f3n de la Secci\u00f3n 2026 en Quaker Haven Camp en Syracuse, Indiana, Estados Unidos, <b>del 18 al 21 de marzo de 2027<\/b>. Este es un tiempo para conectarnos en comunidad, compartir conversaciones y continuar con la labor de FWCC mientras nos escuchamos profundamente unos a otros y fortalecemos los lazos de compa\u00f1erismo a trav\u00e9s de nuestras diversas tradiciones y culturas. <\/p><p>Reserva la fecha y planea unirte a Amigos de todas las Am\u00e9ricas en este tiempo de adoraci\u00f3n y discernimiento.<\/p>\t\t\t\t\t\t\t\t<\/div>\n\t\t\t\t\t<\/div>\n\t\t\t\t<\/div>\n\t\t\t\t<\/div>\n\t\t","protected":false},"featured_media":4677,"menu_order":0,"template":"","class_list":["post-4689","event","type-event","status-publish","has-post-thumbnail","hentry"],"aioseo_notices":[],"_links":{"self":[{"href":"https:\/\/fwccamericas.org\/es\/wp-json\/wp\/v2\/event\/4689","targetHints":{"allow":["GET"]}}],"collection":[{"href":"https:\/\/fwccamericas.org\/es\/wp-json\/wp\/v2\/event"}],"about":[{"href":"https:\/\/fwccamericas.org\/es\/wp-json\/wp\/v2\/types\/event"}],"version-history":[{"count":9,"href":"https:\/\/fwccamericas.org\/es\/wp-json\/wp\/v2\/event\/4689\/revisions"}],"predecessor-version":[{"id":4715,"href":"https:\/\/fwccamericas.org\/es\/wp-json\/wp\/v2\/event\/4689\/revisions\/4715"}],"wp:featuredmedia":[{"embeddable":true,"href":"https:\/\/fwccamericas.org\/es\/wp-json\/wp\/v2\/media\/4677"}],"wp:attachment":[{"href":"https:\/\/fwccamericas.org\/es\/wp-json\/wp\/v2\/media?parent=4689"}],"curies":[{"name":"wp","href":"https:\/\/api.w.org\/{rel}","templated":true}]}}